{"id":3052,"date":"2021-10-13T19:23:02","date_gmt":"2021-10-13T23:23:02","guid":{"rendered":"http:\/\/acontrecourant.qc.ca\/?page_id=3052"},"modified":"2021-10-15T08:49:47","modified_gmt":"2021-10-15T12:49:47","slug":"coupe-mesures-covid","status":"publish","type":"page","link":"https:\/\/acontrecourant.qc.ca\/fr\/evenements\/coupe-mesures-covid\/","title":{"rendered":"Mesures sanitaires COVID-19"},"content":{"rendered":"<p>*Toute personne acc\u00e9dant au lieu de la comp\u00e9tition reconna\u00eet \u00eatre exempte de sympt\u00f4mes reli\u00e9s \u00e0 la COVID (fi\u00e8vre, frissons ou tremblements, apparition ou l\u2019aggravation d\u2019une toux, difficult\u00e9 \u00e0 respirer \u2013 essoufflement, perte subite de l\u2019odorat, perte de go\u00fbt, mal de gorge, mal de t\u00eate, douleurs musculaires anormales, douleurs thoraciques, fatigue intense, perte importante de l\u2019app\u00e9tit, naus\u00e9e ou vomissements, diarrh\u00e9e ou maladie gastro-intestinale), ne pas avoir voyag\u00e9 \u00e0 l\u2019\u00e9tranger dans les 14 derniers jours, ne pas avoir \u00e9t\u00e9 en contact avec une personne ayant eu un r\u00e9sultat positif \u00e0 la COVID et ne pas \u00eatre en attente de r\u00e9sultat \u00e0 la suite d\u2019un d\u00e9pistage de la COVID.<\/p>\n<p>Le coordinateur \u00e0 la gestion de risque pourra au besoin retirer l\u2019acc\u00e8s aux installations sportives \u00e0 toute personne ne respectant pas les r\u00e8gles sanitaires. Dans un tel cas, la F\u00e9d\u00e9ration de Natation du Qu\u00e9bec sera obligatoirement inform\u00e9e. De plus, dans le cas d\u2019exclusion d\u2019un nageur, son club aura la responsabilit\u00e9 d\u2019assurer sa surveillance si n\u00e9cessaire dans un lieu d\u2019isolement hors du plateau sportif. Dans le cas d\u2019exclusion d\u2019un entra\u00eeneur, les nageurs sous sa charge devront \u00e9galement quitter l\u2019installation s\u2019il est le seul responsable du club pr\u00e9sent.<\/p>\n<h2>Les diff\u00e9rents responsables<\/h2>\n<p>\u2022 La responsable aquatique, Jo\u00eblle Desli\u00e8res, du Complexe Sportif Claude-Robillard a \u00e9t\u00e9 avis\u00e9e de la tenue de l\u2019\u00e9v\u00e9nement. Une entente a \u00e9t\u00e9 prise afin d\u2019organiser la comp\u00e9tition;<br \/>\n\u2022 La t\u00e2che de coordonnateur en gestion de risque sera assur\u00e9e par Emmanuel de Chancenotte;<br \/>\n\u2022 Les protocoles sanitaires \u00e0 suivre pendant la comp\u00e9tition sont arrim\u00e9s avec ceux du Complexe aquatique et des discussions entre les deux organisations ont eu lieu pour s\u2019assurer de la coh\u00e9rence de ceux-ci avec les orientations des deux organisations.<\/p>\n<h2>Passeport vaccinal<\/h2>\n<p>\u2022 Les athl\u00e8tes de 13 ans et plus devront montrer leur passeport vaccinal ainsi qu\u2019une pi\u00e8ce d\u2019identit\u00e9 (une pi\u00e8ce d\u2019identit\u00e9 avec photo doit \u00eatre pr\u00e9sent\u00e9e pour les personnes de 16 ans et plus. Les cartes d\u2019assurance maladie qui ont d\u00fb \u00eatre renouvel\u00e9es sans photo durant la pand\u00e9mie sont accept\u00e9es. Pour les personnes de 75 ans et plus, une preuve d\u2019identit\u00e9 sans photo est accept\u00e9e).<\/p>\n<h2>Formulaire d\u2019acceptation des risques<\/h2>\n<p>\u2022 Les nageurs et les entra\u00eeneurs ayant d\u00e9j\u00e0 rempli le formulaire d\u2019acceptation des risques lors de leur affiliation sur Natation Canada, il ne sera donc pas n\u00e9cessaire de le remplir de nouveau;<br \/>\n\u2022 Tous les officiels et b\u00e9n\u00e9voles devront signer le <a href=\"https:\/\/docs.google.com\/forms\/d\/e\/1FAIpQLSdi4jkY1qtXLTslybGtGTxt_W37WGXvU7oGJcNne7f6iK0mbA\/viewform?usp=pp_url\">formulaire d\u2019acceptation des risques en ligne<\/a> avant la comp\u00e9tition ou sinon au premier jour de la comp\u00e9tition.<\/p>\n<h2>Installation sportive &#8211; Capacit\u00e9 d&rsquo;accueil et identification des zones<\/h2>\n<p>Un plan d\u00e9taill\u00e9 de l\u2019installation sportive en annexe 1 est disponible afin de faciliter la compr\u00e9hension des d\u00e9placements.<\/p>\n<p>Le nombre maximum de personnes (nageurs, b\u00e9n\u00e9voles, entra\u00eeneurs) pouvant \u00eatre pr\u00e9sentes dans l\u2019installation sportive en m\u00eame temps est 150.<\/p>\n<p>Des consignes seront pr\u00e9sentes sur place afin de faciliter les d\u00e9placements.<\/p>\n<p>Chaque club aura une zone assign\u00e9e dans les estrades qui restera la m\u00eame tout au long de la comp\u00e9tition; la distanciation physique (2 m) devra en tout temps \u00eatre respect\u00e9e dans cet endroit, \u00e0 d\u00e9faut de quoi le port du masque sera obligatoire.<\/p>\n<p>Plan g\u00e9n\u00e9ral de l\u2019installation sportive: http:\/\/ville.montreal.qc.ca\/pls\/portal\/docs\/page\/arrond_ahc_fr\/media\/documents\/plan_niveaux_cscr.pdf<\/p>\n<h3>Vestiaires<\/h3>\n<p>Les r\u00e8gles de base de distanciation physique devront s\u2019appliquer dans les vestiaires. Le vestiaire des hommes, le vestiaire des femmes et familial seront enti\u00e8rement disponibles, y compris les casiers.<\/p>\n<h3>Plage<\/h3>\n<p>La plage de la piscine a les diff\u00e9rents capacit\u00e9 maximale suivante:<br \/>\n\u2022 Bassin Nord: comp\u00e9tition avec 10 couloirs soit au maximum 25 participants. Durant la p\u00e9riode d\u2019\u00e9chauffement, la bassin est divis\u00e9 en 3 plateaux, D, E et F avec une capacit\u00e9 maximum de 75 athl\u00e8tes;<br \/>\n\u2022 Bassin Sud: bassin de r\u00e9chauffement et de d\u00e9-nagement avec 3 plateaux A, B et C d\u2019une capacit\u00e9 maximum de 75 athl\u00e8tes;<br \/>\n\u2022 Dans les autres zones, les mesures sanitaires de base s\u2019appliquent c.\u00e0.d. garder une distanciation de 2 m ou \u00e0 d\u00e9faut porter un masque.<\/p>\n<p>Pour les \u00e9chauffements, chaque club aura un plateau  sp\u00e9cifique (A, B, C, D, E ou F). Pour d\u00e9-nager, les clubs de la section D utiliseront la section A. Les clubs de la section E utiliseront la section B, et ainsi de suite.<\/p>\n<h3>Estrades<\/h3>\n<p>Les spectateurs ne seront pas permis lors de la comp\u00e9tition. Les estrades seront utilis\u00e9es pour les diff\u00e9rentes zones des clubs. Les athl\u00e8tes et entra\u00eeneurs devront continuellement retourner dans leur zone du club pour s\u2019assurer que le nombre de personnes autour de la plage et de la piscine ne d\u00e9passe pas 150.<\/p>\n<h3>D\u00e9roulement de la comp\u00e9tition<\/h3>\n<p>\u2022 Lorsque les athl\u00e8tes ont termin\u00e9 leur \u00e9chauffement, ils doivent retourner dans la zone de leur club;<br \/>\n\u2022 Lorsque les athl\u00e8tes sont en attente d\u2019une course, ils doivent utiliser la zone d\u2019activation et mettre leur effets personnels dans leur sac;<br \/>\n\u2022 Lorsque les athl\u00e8tes terminent une course, ils peuvent r\u00e9cup\u00e9rer leur sac d\u2019effets personnels, mettre leur masque et rejoindre la zone de leur club;<br \/>\n\u2022 Les entra\u00eeneurs doivent rester \u00e0 l\u2019endroit d\u00e9sign\u00e9 pour leur club; une zone sur le bord de la piscine sera d\u00e9sign\u00e9e pour les entra\u00eeneurs.<\/p>\n<h2>Consigne sanitaires<\/h2>\n<ul class=\"list-document\" >\n<li>Le port du masque est obligatoire pour tous les acteurs (officiels, b\u00e9n\u00e9voles, entra\u00eeneurs, athl\u00e8tes) lors des d\u00e9placements et lorsque la distanciation physique de 2 m n\u2019est pas possible;<\/li>\n<li>L\u2019athl\u00e8te peut retirer son masque derri\u00e8re son couloir, avant d\u2019entrer \u00e0 l\u2019eau pour l\u2019\u00e9chauffement et avant sa course;<\/li>\n<li>Chaque athl\u00e8te doit avoir un sac pour pouvoir y d\u00e9poser son masque et ses effets avant sa course;<\/li>\n<li>Les collations et repas devront se prendre assis pour chacun des clubs uniquement \u00e0 leur zone attribu\u00e9e;<\/li>\n<li>Les b\u00e9n\u00e9voles et officiels b\u00e9n\u00e9ficieront d\u2019une bo\u00eete \u00e0 lunch (d\u00e9jeuner et\/ou d\u00eener) dans un endroit d\u00e9sign\u00e9 \u00e0 cette fin.<\/li>\n<\/ul>\n<h1>Annexe 1<\/h1>\n<p><a href=\"http:\/\/acontrecourant.qc.ca\/wp-content\/uploads\/png\/Annexe1-e1634302112502.png\"><img loading=\"lazy\" decoding=\"async\" src=\"http:\/\/acontrecourant.qc.ca\/wp-content\/uploads\/png\/Annexe1-1024x752.png\" alt=\"\" width=\"700\" height=\"514\" class=\"alignnone size-large wp-image-3085\" \/><\/a><\/p>\n<ul class=\"list-document\" >\n<li>Prochaine Section:<a style=\"text-transform: uppercase;\" href=\"http:\/\/acontrecourant.qc.ca\/evenements\/coupe\">Page d&rsquo;accueil &#8211; Coupe de Montr\u00e9al<\/a><\/li>\n<li>Section Pr\u00e9c\u00e9dente:<a style=\"text-transform: uppercase;\" href=\"http:\/\/acontrecourant.qc.ca\/evenements\/coupe-insc-officiels\">Inscriptions &#8211; Officiels et b\u00e9n\u00e9voles<\/a><\/li>\n<\/ul>\n","protected":false},"excerpt":{"rendered":"<p>*Toute personne acc\u00e9dant au lieu de la comp\u00e9tition reconna\u00eet \u00eatre exempte de sympt\u00f4mes reli\u00e9s \u00e0 la COVID (fi\u00e8vre, frissons ou tremblements, apparition ou l\u2019aggravation d\u2019une toux, difficult\u00e9 \u00e0 respirer \u2013 essoufflement, perte subite de l\u2019odorat, perte de go\u00fbt, mal de gorge, mal de t\u00eate, douleurs musculaires anormales, douleurs thoraciques, fatigue intense, perte importante de l\u2019app\u00e9tit, [&hellip;]<\/p>\n","protected":false},"author":9,"featured_media":0,"parent":147,"menu_order":0,"comment_status":"closed","ping_status":"closed","template":"","meta":{"_acf_changed":false,"footnotes":""},"class_list":["post-3052","page","type-page","status-publish","hentry"],"acf":[],"yoast_head":"<!-- This site is optimized with the Yoast SEO plugin v26.3 - https:\/\/yoast.com\/wordpress\/plugins\/seo\/ -->\n<title>Mesures sanitaires COVID-19 - \u00c0 Contre Courant<\/title>\n<meta name=\"robots\" content=\"index, follow, max-snippet:-1, max-image-preview:large, max-video-preview:-1\" \/>\n<link rel=\"canonical\" href=\"https:\/\/acontrecourant.qc.ca\/fr\/evenements\/coupe-mesures-covid\/\" \/>\n<meta name=\"twitter:label1\" content=\"Estimation du temps de lecture\" \/>\n\t<meta name=\"twitter:data1\" content=\"5 minutes\" \/>\n<script type=\"application\/ld+json\" class=\"yoast-schema-graph\">{\"@context\":\"https:\/\/schema.org\",\"@graph\":[{\"@type\":\"WebPage\",\"@id\":\"https:\/\/acontrecourant.qc.ca\/fr\/evenements\/coupe-mesures-covid\/\",\"url\":\"https:\/\/acontrecourant.qc.ca\/fr\/evenements\/coupe-mesures-covid\/\",\"name\":\"Mesures sanitaires COVID-19 - \u00c0 Contre Courant\",\"isPartOf\":{\"@id\":\"https:\/\/acontrecourant.qc.ca\/en\/#website\"},\"primaryImageOfPage\":{\"@id\":\"https:\/\/acontrecourant.qc.ca\/fr\/evenements\/coupe-mesures-covid\/#primaryimage\"},\"image\":{\"@id\":\"https:\/\/acontrecourant.qc.ca\/fr\/evenements\/coupe-mesures-covid\/#primaryimage\"},\"thumbnailUrl\":\"http:\/\/acontrecourant.qc.ca\/wp-content\/uploads\/png\/Annexe1-1024x752.png\",\"datePublished\":\"2021-10-13T23:23:02+00:00\",\"dateModified\":\"2021-10-15T12:49:47+00:00\",\"breadcrumb\":{\"@id\":\"https:\/\/acontrecourant.qc.ca\/fr\/evenements\/coupe-mesures-covid\/#breadcrumb\"},\"inLanguage\":\"fr-CA\",\"potentialAction\":[{\"@type\":\"ReadAction\",\"target\":[\"https:\/\/acontrecourant.qc.ca\/fr\/evenements\/coupe-mesures-covid\/\"]}]},{\"@type\":\"ImageObject\",\"inLanguage\":\"fr-CA\",\"@id\":\"https:\/\/acontrecourant.qc.ca\/fr\/evenements\/coupe-mesures-covid\/#primaryimage\",\"url\":\"http:\/\/acontrecourant.qc.ca\/wp-content\/uploads\/png\/Annexe1-1024x752.png\",\"contentUrl\":\"http:\/\/acontrecourant.qc.ca\/wp-content\/uploads\/png\/Annexe1-1024x752.png\"},{\"@type\":\"BreadcrumbList\",\"@id\":\"https:\/\/acontrecourant.qc.ca\/fr\/evenements\/coupe-mesures-covid\/#breadcrumb\",\"itemListElement\":[{\"@type\":\"ListItem\",\"position\":1,\"name\":\"\u00c9v\u00e9nements du club\",\"item\":\"https:\/\/acontrecourant.qc.ca\/fr\/evenements\/\"},{\"@type\":\"ListItem\",\"position\":2,\"name\":\"Mesures sanitaires COVID-19\"}]},{\"@type\":\"WebSite\",\"@id\":\"https:\/\/acontrecourant.qc.ca\/en\/#website\",\"url\":\"https:\/\/acontrecourant.qc.ca\/en\/\",\"name\":\"\u00c0 Contre Courant\",\"description\":\"Bienvenue \u00e0 Montr\u00e9al\",\"potentialAction\":[{\"@type\":\"SearchAction\",\"target\":{\"@type\":\"EntryPoint\",\"urlTemplate\":\"https:\/\/acontrecourant.qc.ca\/en\/?s={search_term_string}\"},\"query-input\":{\"@type\":\"PropertyValueSpecification\",\"valueRequired\":true,\"valueName\":\"search_term_string\"}}],\"inLanguage\":\"fr-CA\"}]}<\/script>\n<!-- \/ Yoast SEO plugin. -->","yoast_head_json":{"title":"Mesures sanitaires COVID-19 - \u00c0 Contre Courant","robots":{"index":"index","follow":"follow","max-snippet":"max-snippet:-1","max-image-preview":"max-image-preview:large","max-video-preview":"max-video-preview:-1"},"canonical":"https:\/\/acontrecourant.qc.ca\/fr\/evenements\/coupe-mesures-covid\/","twitter_misc":{"Estimation du temps de lecture":"5 minutes"},"schema":{"@context":"https:\/\/schema.org","@graph":[{"@type":"WebPage","@id":"https:\/\/acontrecourant.qc.ca\/fr\/evenements\/coupe-mesures-covid\/","url":"https:\/\/acontrecourant.qc.ca\/fr\/evenements\/coupe-mesures-covid\/","name":"Mesures sanitaires COVID-19 - \u00c0 Contre Courant","isPartOf":{"@id":"https:\/\/acontrecourant.qc.ca\/en\/#website"},"primaryImageOfPage":{"@id":"https:\/\/acontrecourant.qc.ca\/fr\/evenements\/coupe-mesures-covid\/#primaryimage"},"image":{"@id":"https:\/\/acontrecourant.qc.ca\/fr\/evenements\/coupe-mesures-covid\/#primaryimage"},"thumbnailUrl":"http:\/\/acontrecourant.qc.ca\/wp-content\/uploads\/png\/Annexe1-1024x752.png","datePublished":"2021-10-13T23:23:02+00:00","dateModified":"2021-10-15T12:49:47+00:00","breadcrumb":{"@id":"https:\/\/acontrecourant.qc.ca\/fr\/evenements\/coupe-mesures-covid\/#breadcrumb"},"inLanguage":"fr-CA","potentialAction":[{"@type":"ReadAction","target":["https:\/\/acontrecourant.qc.ca\/fr\/evenements\/coupe-mesures-covid\/"]}]},{"@type":"ImageObject","inLanguage":"fr-CA","@id":"https:\/\/acontrecourant.qc.ca\/fr\/evenements\/coupe-mesures-covid\/#primaryimage","url":"http:\/\/acontrecourant.qc.ca\/wp-content\/uploads\/png\/Annexe1-1024x752.png","contentUrl":"http:\/\/acontrecourant.qc.ca\/wp-content\/uploads\/png\/Annexe1-1024x752.png"},{"@type":"BreadcrumbList","@id":"https:\/\/acontrecourant.qc.ca\/fr\/evenements\/coupe-mesures-covid\/#breadcrumb","itemListElement":[{"@type":"ListItem","position":1,"name":"\u00c9v\u00e9nements du club","item":"https:\/\/acontrecourant.qc.ca\/fr\/evenements\/"},{"@type":"ListItem","position":2,"name":"Mesures sanitaires COVID-19"}]},{"@type":"WebSite","@id":"https:\/\/acontrecourant.qc.ca\/en\/#website","url":"https:\/\/acontrecourant.qc.ca\/en\/","name":"\u00c0 Contre Courant","description":"Bienvenue \u00e0 Montr\u00e9al","potentialAction":[{"@type":"SearchAction","target":{"@type":"EntryPoint","urlTemplate":"https:\/\/acontrecourant.qc.ca\/en\/?s={search_term_string}"},"query-input":{"@type":"PropertyValueSpecification","valueRequired":true,"valueName":"search_term_string"}}],"inLanguage":"fr-CA"}]}},"_links":{"self":[{"href":"https:\/\/acontrecourant.qc.ca\/fr\/wp-json\/wp\/v2\/pages\/3052\/"}],"collection":[{"href":"https:\/\/acontrecourant.qc.ca\/fr\/wp-json\/wp\/v2\/pages\/"}],"about":[{"href":"https:\/\/acontrecourant.qc.ca\/fr\/wp-json\/wp\/v2\/types\/page\/"}],"author":[{"embeddable":true,"href":"https:\/\/acontrecourant.qc.ca\/fr\/wp-json\/wp\/v2\/users\/9\/"}],"replies":[{"embeddable":true,"href":"https:\/\/acontrecourant.qc.ca\/fr\/wp-json\/wp\/v2\/comments\/?post=3052"}],"version-history":[{"count":12,"href":"https:\/\/acontrecourant.qc.ca\/fr\/wp-json\/wp\/v2\/pages\/3052\/revisions\/"}],"predecessor-version":[{"id":3087,"href":"https:\/\/acontrecourant.qc.ca\/fr\/wp-json\/wp\/v2\/pages\/3052\/revisions\/3087\/"}],"up":[{"embeddable":true,"href":"https:\/\/acontrecourant.qc.ca\/fr\/wp-json\/wp\/v2\/pages\/147\/"}],"wp:attachment":[{"href":"https:\/\/acontrecourant.qc.ca\/fr\/wp-json\/wp\/v2\/media\/?parent=3052"}],"curies":[{"name":"wp","href":"https:\/\/api.w.org\/{rel}","templated":true}]}}